{"id":761856,"date":"2021-03-09T01:00:00","date_gmt":"2021-03-09T00:00:00","guid":{"rendered":"https:\/\/www.calibereurope.com\/product\/camper-890-mt-d-fr_fr\/"},"modified":"2022-05-24T00:20:55","modified_gmt":"2022-05-23T22:20:55","slug":"camper-890-mt-d-fr_fr","status":"publish","type":"product","link":"https:\/\/www.calibereurope.com\/fr\/produit\/camper-890-mt-d-fr_fr\/","title":{"rendered":"CAMPER-890-MT-D"},"content":{"rendered":"<p><span style=\"font-weight: bold\">VIVRE LES PLUS BEAUX MOMENTS. AVEC LE MEILLEUR GUIDAGE ROUTIER.<\/span><\/p>\n<p>Laissez le Camper 890 planifier votre voyage pour que vous puissiez profiter de tous les bons moments en cours de route.<\/p>\n<p><\/p>\n<p>Vous verrez tout clairement sur le grand \u00e9cran de 8 pouces &#8211; en mode paysage ou portrait.<\/p>\n<p><\/p>\n<p>Les voitures avec caravanes\/remorques empruntent un itin\u00e9raire diff\u00e9rent de celui des camping-cars. Nous avons \u00e9tabli des itin\u00e9raires personnalis\u00e9s1 pour ces v\u00e9hicules.<\/p>\n<p><\/p>\n<p>Les alertes routi\u00e8res vous permettent de vivre des aventures inattendues et d&#8217;\u00e9viter les virages serr\u00e9s.<\/p>\n<p><\/p>\n<p>Nous vous aidons \u00e0 trouver les meilleurs endroits pour des vues panoramiques ou des arr\u00eats de nuit.<\/p>\n<p><\/p>\n<p>Le WiFi\u00ae\ufe0f int\u00e9gr\u00e9 permet de mettre \u00e0 jour facilement les cartes d&#8217;Europe.<\/p>\n<p><\/p>\n<p>Et avec Voice Assistant, vous b\u00e9n\u00e9ficiez d&#8217;un soutien fiable qui vous permet de prendre les d\u00e9cisions.<\/p>\n","protected":false},"excerpt":{"rendered":"<p>VIVRE LES PLUS BEAUX MOMENTS. AVEC LE MEILLEUR GUIDAGE ROUTIER. Laissez le Camper 890 planifier votre voyage pour que vous puissiez profiter de tous les bons moments en cours de route. Vous verrez tout clairement sur le grand \u00e9cran de 8 pouces &#8211; en mode paysage ou portrait. Les voitures avec caravanes\/remorques empruntent un itin\u00e9raire [&hellip;]<\/p>\n","protected":false},"featured_media":1247866,"comment_status":"open","ping_status":"open","template":"","meta":{"inline_featured_image":false},"product_brand":[],"product_cat":[7925,7934],"product_tag":[],"class_list":{"0":"post-761856","1":"product","2":"type-product","3":"status-publish","4":"has-post-thumbnail","6":"product_cat-navigatie_telefonie_fr_FR","7":"product_cat-navigatiesystemen_fr_FR","9":"first","10":"outofstock","11":"virtual","12":"taxable","13":"purchasable","14":"product-type-simple"},"yoast_head":"<!-- This site is optimized with the Yoast SEO plugin v24.4 - https:\/\/yoast.com\/wordpress\/plugins\/seo\/ -->\n<title>CAMPER-890-MT-D | Caliber<\/title>\n<meta name=\"robots\" content=\"index, follow, max-snippet:-1, max-image-preview:large, max-video-preview:-1\" \/>\n<link rel=\"canonical\" href=\"https:\/\/www.calibereurope.com\/fr\/produit\/camper-890-mt-d-fr_fr\/\" \/>\n<meta property=\"og:locale\" content=\"fr_FR\" \/>\n<meta property=\"og:type\" content=\"article\" \/>\n<meta property=\"og:title\" content=\"CAMPER-890-MT-D | Caliber\" \/>\n<meta property=\"og:description\" content=\"VIVRE LES PLUS BEAUX MOMENTS. AVEC LE MEILLEUR GUIDAGE ROUTIER. Laissez le Camper 890 planifier votre voyage pour que vous puissiez profiter de tous les bons moments en cours de route. Vous verrez tout clairement sur le grand \u00e9cran de 8 pouces &#8211; en mode paysage ou portrait. Les voitures avec caravanes\/remorques empruntent un itin\u00e9raire [&hellip;]\" \/>\n<meta property=\"og:url\" content=\"https:\/\/www.calibereurope.com\/fr\/produit\/camper-890-mt-d-fr_fr\/\" \/>\n<meta property=\"og:site_name\" content=\"Caliber\" \/>\n<meta property=\"article:publisher\" content=\"https:\/\/facebook.com\/CaliberEurope\/\" \/>\n<meta property=\"article:modified_time\" content=\"2022-05-23T22:20:55+00:00\" \/>\n<meta property=\"og:image\" content=\"https:\/\/www.calibereurope.com\/wp-content\/uploads\/2022\/05\/5a5e9b2f1f9cbe3b6eea9344fb913e82d56c4588_CAMPER890MT_D__1-2.jpg\" \/>\n\t<meta property=\"og:image:width\" content=\"1024\" \/>\n\t<meta property=\"og:image:height\" content=\"765\" \/>\n\t<meta property=\"og:image:type\" content=\"image\/jpeg\" \/>\n<meta name=\"twitter:card\" content=\"summary_large_image\" \/>\n<meta name=\"twitter:site\" content=\"@calibereurope\" \/>\n<meta name=\"twitter:label1\" content=\"Prix\" \/>\n\t<meta name=\"twitter:data1\" content=\"549,99\" \/>\n\t<meta name=\"twitter:label2\" content=\"Availability\" \/>\n\t<meta name=\"twitter:data2\" content=\"Out of stock\" \/>\n<script type=\"application\/ld+json\" class=\"yoast-schema-graph\">{\"@context\":\"https:\/\/schema.org\",\"@graph\":[{\"@type\":\"WebPage\",\"@id\":\"https:\/\/www.calibereurope.com\/fr\/produit\/camper-890-mt-d-fr_fr\/\",\"url\":\"https:\/\/www.calibereurope.com\/fr\/produit\/camper-890-mt-d-fr_fr\/\",\"name\":\"CAMPER-890-MT-D | Caliber\",\"isPartOf\":{\"@id\":\"https:\/\/www.calibereurope.com\/fr\/#website\"},\"primaryImageOfPage\":{\"@id\":\"https:\/\/www.calibereurope.com\/fr\/produit\/camper-890-mt-d-fr_fr\/#primaryimage\"},\"image\":{\"@id\":\"https:\/\/www.calibereurope.com\/fr\/produit\/camper-890-mt-d-fr_fr\/#primaryimage\"},\"thumbnailUrl\":\"https:\/\/www.calibereurope.com\/wp-content\/uploads\/2022\/05\/5a5e9b2f1f9cbe3b6eea9344fb913e82d56c4588_CAMPER890MT_D__1-2.jpg\",\"datePublished\":\"2021-03-09T00:00:00+00:00\",\"dateModified\":\"2022-05-23T22:20:55+00:00\",\"breadcrumb\":{\"@id\":\"https:\/\/www.calibereurope.com\/fr\/produit\/camper-890-mt-d-fr_fr\/#breadcrumb\"},\"inLanguage\":\"fr-FR\",\"potentialAction\":[{\"@type\":\"ReadAction\",\"target\":[\"https:\/\/www.calibereurope.com\/fr\/produit\/camper-890-mt-d-fr_fr\/\"]}]},{\"@type\":\"ImageObject\",\"inLanguage\":\"fr-FR\",\"@id\":\"https:\/\/www.calibereurope.com\/fr\/produit\/camper-890-mt-d-fr_fr\/#primaryimage\",\"url\":\"https:\/\/www.calibereurope.com\/wp-content\/uploads\/2022\/05\/5a5e9b2f1f9cbe3b6eea9344fb913e82d56c4588_CAMPER890MT_D__1-2.jpg\",\"contentUrl\":\"https:\/\/www.calibereurope.com\/wp-content\/uploads\/2022\/05\/5a5e9b2f1f9cbe3b6eea9344fb913e82d56c4588_CAMPER890MT_D__1-2.jpg\",\"width\":1024,\"height\":765},{\"@type\":\"BreadcrumbList\",\"@id\":\"https:\/\/www.calibereurope.com\/fr\/produit\/camper-890-mt-d-fr_fr\/#breadcrumb\",\"itemListElement\":[{\"@type\":\"ListItem\",\"position\":1,\"name\":\"Home\",\"item\":\"https:\/\/www.calibereurope.com\/fr\/\"},{\"@type\":\"ListItem\",\"position\":2,\"name\":\"Boutique en ligne\",\"item\":\"https:\/\/www.calibereurope.com\/fr\/boutique-en-ligne\/\"},{\"@type\":\"ListItem\",\"position\":3,\"name\":\"Navigation et t\u00e9l\u00e9phonie\",\"item\":\"https:\/\/www.calibereurope.com\/fr\/navigatie_telefonie_fr_FR\/\"},{\"@type\":\"ListItem\",\"position\":4,\"name\":\"Syst\u00e8mes de navigation\",\"item\":\"https:\/\/www.calibereurope.com\/fr\/navigatie_telefonie_fr_FR\/navigatiesystemen_fr_FR\/\"},{\"@type\":\"ListItem\",\"position\":5,\"name\":\"CAMPER-890-MT-D\"}]},{\"@type\":\"WebSite\",\"@id\":\"https:\/\/www.calibereurope.com\/fr\/#website\",\"url\":\"https:\/\/www.calibereurope.com\/fr\/\",\"name\":\"Caliber\",\"description\":\"Sounds good!\",\"publisher\":{\"@id\":\"https:\/\/www.calibereurope.com\/fr\/#organization\"},\"potentialAction\":[{\"@type\":\"SearchAction\",\"target\":{\"@type\":\"EntryPoint\",\"urlTemplate\":\"https:\/\/www.calibereurope.com\/fr\/?s={search_term_string}\"},\"query-input\":{\"@type\":\"PropertyValueSpecification\",\"valueRequired\":true,\"valueName\":\"search_term_string\"}}],\"inLanguage\":\"fr-FR\"},{\"@type\":\"Organization\",\"@id\":\"https:\/\/www.calibereurope.com\/fr\/#organization\",\"name\":\"Caliber Europe B.V.\",\"url\":\"https:\/\/www.calibereurope.com\/fr\/\",\"logo\":{\"@type\":\"ImageObject\",\"inLanguage\":\"fr-FR\",\"@id\":\"https:\/\/www.calibereurope.com\/fr\/#\/schema\/logo\/image\/\",\"url\":\"https:\/\/www.calibereurope.com\/wp-content\/uploads\/2019\/11\/Logo-Caliber-e1574846289621.png\",\"contentUrl\":\"https:\/\/www.calibereurope.com\/wp-content\/uploads\/2019\/11\/Logo-Caliber-e1574846289621.png\",\"width\":400,\"height\":69,\"caption\":\"Caliber Europe B.V.\"},\"image\":{\"@id\":\"https:\/\/www.calibereurope.com\/fr\/#\/schema\/logo\/image\/\"},\"sameAs\":[\"https:\/\/facebook.com\/CaliberEurope\/\",\"https:\/\/x.com\/calibereurope\",\"https:\/\/www.instagram.com\/calibereurope\/\"]}]}<\/script>\n<meta property=\"product:price:amount\" content=\"549.99\" \/>\n<meta property=\"product:price:currency\" content=\"EUR\" \/>\n<meta property=\"og:availability\" content=\"out of stock\" \/>\n<meta property=\"product:availability\" content=\"out of stock\" \/>\n<meta property=\"product:retailer_item_id\" content=\"CAMPER-890-MT-D\" \/>\n<meta property=\"product:condition\" content=\"new\" \/>\n<!-- \/ Yoast SEO plugin. -->","yoast_head_json":{"title":"CAMPER-890-MT-D | Caliber","robots":{"index":"index","follow":"follow","max-snippet":"max-snippet:-1","max-image-preview":"max-image-preview:large","max-video-preview":"max-video-preview:-1"},"canonical":"https:\/\/www.calibereurope.com\/fr\/produit\/camper-890-mt-d-fr_fr\/","og_locale":"fr_FR","og_type":"article","og_title":"CAMPER-890-MT-D | Caliber","og_description":"VIVRE LES PLUS BEAUX MOMENTS. AVEC LE MEILLEUR GUIDAGE ROUTIER. Laissez le Camper 890 planifier votre voyage pour que vous puissiez profiter de tous les bons moments en cours de route. Vous verrez tout clairement sur le grand \u00e9cran de 8 pouces &#8211; en mode paysage ou portrait. Les voitures avec caravanes\/remorques empruntent un itin\u00e9raire [&hellip;]","og_url":"https:\/\/www.calibereurope.com\/fr\/produit\/camper-890-mt-d-fr_fr\/","og_site_name":"Caliber","article_publisher":"https:\/\/facebook.com\/CaliberEurope\/","article_modified_time":"2022-05-23T22:20:55+00:00","og_image":[{"width":1024,"height":765,"url":"https:\/\/www.calibereurope.com\/wp-content\/uploads\/2022\/05\/5a5e9b2f1f9cbe3b6eea9344fb913e82d56c4588_CAMPER890MT_D__1-2.jpg","type":"image\/jpeg"}],"twitter_card":"summary_large_image","twitter_site":"@calibereurope","twitter_misc":{"Prix":"549,99","Availability":"Out of stock"},"schema":{"@context":"https:\/\/schema.org","@graph":[{"@type":"WebPage","@id":"https:\/\/www.calibereurope.com\/fr\/produit\/camper-890-mt-d-fr_fr\/","url":"https:\/\/www.calibereurope.com\/fr\/produit\/camper-890-mt-d-fr_fr\/","name":"CAMPER-890-MT-D | Caliber","isPartOf":{"@id":"https:\/\/www.calibereurope.com\/fr\/#website"},"primaryImageOfPage":{"@id":"https:\/\/www.calibereurope.com\/fr\/produit\/camper-890-mt-d-fr_fr\/#primaryimage"},"image":{"@id":"https:\/\/www.calibereurope.com\/fr\/produit\/camper-890-mt-d-fr_fr\/#primaryimage"},"thumbnailUrl":"https:\/\/www.calibereurope.com\/wp-content\/uploads\/2022\/05\/5a5e9b2f1f9cbe3b6eea9344fb913e82d56c4588_CAMPER890MT_D__1-2.jpg","datePublished":"2021-03-09T00:00:00+00:00","dateModified":"2022-05-23T22:20:55+00:00","breadcrumb":{"@id":"https:\/\/www.calibereurope.com\/fr\/produit\/camper-890-mt-d-fr_fr\/#breadcrumb"},"inLanguage":"fr-FR","potentialAction":[{"@type":"ReadAction","target":["https:\/\/www.calibereurope.com\/fr\/produit\/camper-890-mt-d-fr_fr\/"]}]},{"@type":"ImageObject","inLanguage":"fr-FR","@id":"https:\/\/www.calibereurope.com\/fr\/produit\/camper-890-mt-d-fr_fr\/#primaryimage","url":"https:\/\/www.calibereurope.com\/wp-content\/uploads\/2022\/05\/5a5e9b2f1f9cbe3b6eea9344fb913e82d56c4588_CAMPER890MT_D__1-2.jpg","contentUrl":"https:\/\/www.calibereurope.com\/wp-content\/uploads\/2022\/05\/5a5e9b2f1f9cbe3b6eea9344fb913e82d56c4588_CAMPER890MT_D__1-2.jpg","width":1024,"height":765},{"@type":"BreadcrumbList","@id":"https:\/\/www.calibereurope.com\/fr\/produit\/camper-890-mt-d-fr_fr\/#breadcrumb","itemListElement":[{"@type":"ListItem","position":1,"name":"Home","item":"https:\/\/www.calibereurope.com\/fr\/"},{"@type":"ListItem","position":2,"name":"Boutique en ligne","item":"https:\/\/www.calibereurope.com\/fr\/boutique-en-ligne\/"},{"@type":"ListItem","position":3,"name":"Navigation et t\u00e9l\u00e9phonie","item":"https:\/\/www.calibereurope.com\/fr\/navigatie_telefonie_fr_FR\/"},{"@type":"ListItem","position":4,"name":"Syst\u00e8mes de navigation","item":"https:\/\/www.calibereurope.com\/fr\/navigatie_telefonie_fr_FR\/navigatiesystemen_fr_FR\/"},{"@type":"ListItem","position":5,"name":"CAMPER-890-MT-D"}]},{"@type":"WebSite","@id":"https:\/\/www.calibereurope.com\/fr\/#website","url":"https:\/\/www.calibereurope.com\/fr\/","name":"Caliber","description":"Sounds good!","publisher":{"@id":"https:\/\/www.calibereurope.com\/fr\/#organization"},"potentialAction":[{"@type":"SearchAction","target":{"@type":"EntryPoint","urlTemplate":"https:\/\/www.calibereurope.com\/fr\/?s={search_term_string}"},"query-input":{"@type":"PropertyValueSpecification","valueRequired":true,"valueName":"search_term_string"}}],"inLanguage":"fr-FR"},{"@type":"Organization","@id":"https:\/\/www.calibereurope.com\/fr\/#organization","name":"Caliber Europe B.V.","url":"https:\/\/www.calibereurope.com\/fr\/","logo":{"@type":"ImageObject","inLanguage":"fr-FR","@id":"https:\/\/www.calibereurope.com\/fr\/#\/schema\/logo\/image\/","url":"https:\/\/www.calibereurope.com\/wp-content\/uploads\/2019\/11\/Logo-Caliber-e1574846289621.png","contentUrl":"https:\/\/www.calibereurope.com\/wp-content\/uploads\/2019\/11\/Logo-Caliber-e1574846289621.png","width":400,"height":69,"caption":"Caliber Europe B.V."},"image":{"@id":"https:\/\/www.calibereurope.com\/fr\/#\/schema\/logo\/image\/"},"sameAs":["https:\/\/facebook.com\/CaliberEurope\/","https:\/\/x.com\/calibereurope","https:\/\/www.instagram.com\/calibereurope\/"]}]},"product_price_amount":"549.99","product_price_currency":"EUR","og_availability":"out of stock","product_availability":"out of stock","product_retailer_item_id":"CAMPER-890-MT-D","product_condition":"new"},"_links":{"self":[{"href":"https:\/\/www.calibereurope.com\/fr\/wp-json\/wp\/v2\/product\/761856","targetHints":{"allow":["GET"]}}],"collection":[{"href":"https:\/\/www.calibereurope.com\/fr\/wp-json\/wp\/v2\/product"}],"about":[{"href":"https:\/\/www.calibereurope.com\/fr\/wp-json\/wp\/v2\/types\/product"}],"replies":[{"embeddable":true,"href":"https:\/\/www.calibereurope.com\/fr\/wp-json\/wp\/v2\/comments?post=761856"}],"wp:featuredmedia":[{"embeddable":true,"href":"https:\/\/www.calibereurope.com\/fr\/wp-json\/wp\/v2\/media\/1247866"}],"wp:attachment":[{"href":"https:\/\/www.calibereurope.com\/fr\/wp-json\/wp\/v2\/media?parent=761856"}],"wp:term":[{"taxonomy":"product_brand","embeddable":true,"href":"https:\/\/www.calibereurope.com\/fr\/wp-json\/wp\/v2\/product_brand?post=761856"},{"taxonomy":"product_cat","embeddable":true,"href":"https:\/\/www.calibereurope.com\/fr\/wp-json\/wp\/v2\/product_cat?post=761856"},{"taxonomy":"product_tag","embeddable":true,"href":"https:\/\/www.calibereurope.com\/fr\/wp-json\/wp\/v2\/product_tag?post=761856"}],"curies":[{"name":"wp","href":"https:\/\/api.w.org\/{rel}","templated":true}]}}